{"id":807,"date":"2026-02-19T14:10:42","date_gmt":"2026-02-19T13:10:42","guid":{"rendered":"https:\/\/laubette.com\/die-geschichte-der-boutiquen-der-aubette\/"},"modified":"2026-03-26T09:54:06","modified_gmt":"2026-03-26T08:54:06","slug":"die-geschichte-der-boutiquen-der-aubette","status":"publish","type":"page","link":"https:\/\/laubette.com\/de\/die-geschichte-der-boutiquen-der-aubette\/","title":{"rendered":"Die Geschichte der Boutiquen der Aubette"},"content":{"rendered":"\n<section class=\"media-txt_block bg-none\">\n\n    <div class=\"container\">\n        <div class=\"row align-items-center pad-80\">\n\n            \n                            <div class=\"col txt-side txtgauche col-md-6 txtalign-left \">\n                                                                    <h2 class=\"primary-title\" >Vor der Aubette: Eine historische St\u00e4tte seit dem Mittelalter<\/h2>\n                                        <div class=\"block-text\" ><p>Bereits <strong>1230 <\/strong>lie\u00df sich eine Franziskanergemeinschaft auf dem Platz nieder, der damals Barf\u00fcsserplatz hie\u00df. Das Kloster nahm einen Gro\u00dfteil des heutigen Gel\u00e4ndes ein, war von Mauern umgeben und wurde von einem weitl\u00e4ufigen Friedhof flankiert. <\/p>\n<p>Im Laufe der Jahrhunderte hat sich der Ort weiterentwickelt:<\/p>\n<ul>\n<li><strong>1525 :<\/strong> W\u00e4hrend des Bauernkrieges suchten Fl\u00fcchtlinge Zuflucht im Kloster<\/li>\n<li><strong>1529 \u00e0 1552 :<\/strong> W\u00e4hrend des Bauernkrieges suchten Fl\u00fcchtlinge Zuflucht im Kloster<\/li>\n<li><strong>1615 :<\/strong> Installation einer M\u00fcnzpr\u00e4geanstalt und eines Kuriosit\u00e4tenkabinetts<\/li>\n<li><strong>1622 :<\/strong> W\u00e4hrungskrise und Einrichtung einer Wechselstube<\/li>\n<li><strong>1675 :<\/strong> Treueeid der Schweizer S\u00f6ldner gegen\u00fcber der Stadt Stra\u00dfburg<\/li>\n<\/ul>\n<p>&nbsp;<\/p>\n<p>Dieser strategische Standort entwickelte sich nach und nach zu einem zentralen Knotenpunkt des wirtschaftlichen und politischen Lebens in Stra\u00dfburg.<\/p>\n<\/div>                                    <\/div>\n\n                <div class=\"col col-md-6\">\n                                            <div class=\"img-side\">\n                                                        <img decoding=\"async\" src=\"https:\/\/laubette.com\/wp-content\/uploads\/2026\/03\/Capture-decran-2026-03-25-114218.png\" alt=\"gravure de strasbourg\" style=\"object-fit:contain;-o-object-position:contain;\">\n                        <\/div>\n                                    <\/div>\n\n            \n            \n        <\/div>\n    <\/div>\n<\/section>\n\n<section class=\"media-txt_block bg-none\">\n\n    <div class=\"container\">\n        <div class=\"row align-items-center pad-80\">\n\n            \n                            <div class=\"col col-md-4\">\n                                            <div class=\"img-side\">\n                                                        <img decoding=\"async\" src=\"https:\/\/laubette.com\/wp-content\/uploads\/2026\/03\/Capture-decran-2026-03-25-114734.png\" alt=\"gravure de la place kl\u00e9ber \u00e0 strasbourg\" style=\"object-fit:contain;-o-object-position:contain;\">\n                        <\/div>\n                                    <\/div>\n\n                <div class=\"col txt-side txtdroite col-md-8 txtalign-left \">\n                                                                    <h2 class=\"primary-title\" >1764\u20131815: Die Entstehung der Aubette und die st\u00e4dtische Transformation<\/h2>\n                                        <div class=\"block-text\" ><p>Die Geschichte der Aubette beginnt eigentlich im 18. Jahrhundert mit einem gro\u00dfen Stadtplanungsprojekt:<\/p>\n<ul>\n<li><strong>1764 :<\/strong> lDer Magistrat von Stra\u00dfburg appelliert an K\u00f6nig Ludwig XV., die Stadt zu modernisieren<\/li>\n<li><strong>1765 :<\/strong> Zustimmung zum Projekt des Architekten Jacques-Fran\u00e7ois Blondel<\/li>\n<li><strong>1767 :<\/strong> Konstruktion der Aubette-Fassade, Symbol f\u00fcr strukturierte Stadtplanung<\/li>\n<\/ul>\n<p>&nbsp; <\/p>\n<p>Das Geb\u00e4ude diente urspr\u00fcnglich milit\u00e4rischen Zwecken, unter anderem als Wachraum, Unterkunft und Verwaltung.<br \/>\n&nbsp;<br \/>\nAuch die Franz\u00f6sische Revolution hinterlie\u00df ihre Spuren:<\/p>\n<ul>\n<li><strong>1790 :<\/strong> Einsetzung der neuen Gemeindeverwaltung<\/li>\n<li><strong>1792 :<\/strong> Feier der Republik mit einem Umzug von 20.000 Menschen<\/li>\n<li><strong>1794 :<\/strong> Entfernung der Guillotine vom Platz<\/li>\n<li>\n<strong>1815 :<\/strong> Milit\u00e4raufstand unter Beteiligung der Aubette<\/li>\n<\/ul>\n<p>&nbsp; <\/p>\n<p>Die Aubette wurde zu einem zentralen Ort im \u00f6ffentlichen Leben Stra\u00dfburgs.<\/p>\n<\/div>                                    <\/div>\n            \n            \n        <\/div>\n    <\/div>\n<\/section>\n\n<section class=\"media-txt_block bg-none\">\n\n    <div class=\"container\">\n        <div class=\"row align-items-center pad-80\">\n\n            \n                            <div class=\"col txt-side txtgauche col-md-6 txtalign-left \">\n                                                                    <h2 class=\"primary-title\" >1825\u20131875: Kulturelles Leben, M\u00e4rkte und bedeutende Umbr\u00fcche<\/h2>\n                                        <div class=\"block-text\" ><p>Im 19. Jahrhundert wurde der Place Kl\u00e9ber zunehmend lebendiger:<\/p>\n<p>&nbsp;<\/p>\n<ul>\n<li><strong>1825 :<\/strong> Einsetzung eines Kriegsrates<\/li>\n<li><strong>1830 :<\/strong> letzter Getreidemarkt, gefolgt vom Aufkommen des Weihnachtsmarktes<\/li>\n<li><strong>1840 :<\/strong> Place d\u2019Armes wird offiziell zu Place Kl\u00e9ber<\/li>\n<li><strong>1845 :<\/strong> Entstehung des ber\u00fchmten Caf\u00e9 Cad\u00e9<\/li>\n<\/ul>\n<p>&nbsp;<\/p>\n<p>Das Aubette entwickelte sich zu einem kulturellen Veranstaltungsort:<\/p>\n<ul>\n<li><strong>1867 :<\/strong> Umwandlung in ein Caf\u00e9-Konzert mit Musiksaal<\/li>\n<li>\n<strong>1868\u20131869 :<\/strong> Einrichtung eines st\u00e4dtischen Museums<\/li>\n<\/ul>\n<p>&nbsp;<br \/>\nEin entscheidender Wendepunkt trat ein:<\/p>\n<ul>\n<li><strong>1870 :<\/strong> Bombardierung und Brand zerst\u00f6rten die Aubette und ihre Sammlungen<\/li>\n<\/ul>\n<p>&nbsp;<br \/>\nDas Geb\u00e4ude wurde sp\u00e4ter zwischen <strong>1873 und 1875<\/strong> von dem Architekten Jean Geoffroy Conrath restauriert.<\/p>\n<\/div>                                    <\/div>\n\n                <div class=\"col col-md-6\">\n                                            <div class=\"img-side\">\n                                                        <img decoding=\"async\" src=\"https:\/\/laubette.com\/wp-content\/uploads\/2026\/03\/place_kleber_19e1.png\" alt=\"\" style=\"object-fit:cover;-o-object-position:cover;\">\n                        <\/div>\n                                    <\/div>\n\n            \n            \n        <\/div>\n    <\/div>\n<\/section>\n\n<section class=\"media-txt_block bg-none\">\n\n    <div class=\"container\">\n        <div class=\"row align-items-center pad-80\">\n\n            \n                            <div class=\"col col-md-6\">\n                                            <div class=\"img-side\">\n                                                        <img decoding=\"async\" src=\"https:\/\/laubette.com\/wp-content\/uploads\/2026\/03\/4_rue_de_la_Haute_Monte\u2560ue_Strasbourg_4995.jpg\" alt=\"commercialisation dans strasbourg\" style=\"object-fit:cover;-o-object-position:cover;\">\n                        <\/div>\n                                    <\/div>\n\n                <div class=\"col txt-side txtdroite col-md-6 txtalign-left \">\n                                                                    <h2 class=\"primary-title\" >Die Kleine Metzig: Der Aufstieg eines Handelszentrums in Stra\u00dfburg<\/h2>\n                                        <div class=\"block-text\" ><p>Zur gleichen Zeit entwickelte sich das Gebiet Petites Boucheries (Kleine Metzig):<\/p>\n<ul>\n<li><strong>1621 :<\/strong> Schaffung kleiner Metzgerst\u00e4nde, um mit dem Hauptmarkt zu konkurrieren<\/li>\n<li><strong>1837\u20131840 :<\/strong> Abriss und Bau einer modernen \u00fcberdachten Markthalle<\/li>\n<li><strong>1852\u20131853 :<\/strong> Entwicklung von Gesch\u00e4ften und Geb\u00e4uden rund um den Markt<\/li>\n<\/ul>\n<p>&nbsp;<\/p>\n<p>Es entstanden mehrere ambitionierte Projekte:<\/p>\n<ul>\n<li>Ein gro\u00dfer Festsaal (nie fertiggestellt)<\/li>\n<li>Ein symphonischer Konzertsaal (aufgegeben 1895)<\/li>\n<\/ul>\n<p>&nbsp;<br \/>\nDiese Ver\u00e4nderungen markierten den \u00dcbergang zu einem Gesch\u00e4ftsviertel.<\/p>\n<\/div>                                    <\/div>\n            \n            \n        <\/div>\n    <\/div>\n<\/section>\n\n<section class=\"media-txt_block bg-none\">\n\n    <div class=\"container\">\n        <div class=\"row align-items-center pad-80\">\n\n            \n                            <div class=\"col txt-side txtgauche col-md-6 txtalign-left \">\n                                                                    <h2 class=\"primary-title\" >1901\u20132008: Von Kleine Metzig zum Aubette Shopping<\/h2>\n                                        <div class=\"block-text\" ><p>Das fr\u00fche 20. Jahrhundert markierte eine neue \u00c4ra:<\/p>\n<ul>\n<li><strong>1901 :<\/strong> Bau des heutigen Geb\u00e4udes \u201eKleine Metzig\u201c<\/li>\n<li>Architektur, die gotische und deutsche Renaissance-Stile vereint<\/li>\n<li>Fassaden mit T\u00fcrmchen, Giebeln und dekorativen Skulpturen<\/li>\n<\/ul>\n<p>&nbsp;<\/p>\n<p>Das Gel\u00e4nde entwickelte sich rasch zu einem dynamischen Handelszentrum:<\/p>\n<ul>\n<li><strong>1903 : <\/strong>Er\u00f6ffnung gro\u00dfer Einzelhandelsgesch\u00e4fte (Mode, Haushaltswaren usw.).<\/li>\n<\/ul>\n<p>&nbsp;<br \/>\nEs folgte ein tiefgreifender Wandel:<\/p>\n<ul>\n<li><strong>2008 :<\/strong> Fusion von Kleine Metzig und der Aubette<\/li>\n<li>Errichtung eines modernen Einkaufszentrums im Herzen von Stra\u00dfburg<\/li>\n<\/ul>\n<p>&nbsp;<br \/>\nDieser ehemals unhygienische Durchgang ist heute ein heller und ansprechender Fu\u00dfweg, der den Place Kl\u00e9ber mit der Rue de la Haute-Mont\u00e9e verbindet.<\/p>\n<\/div>                                    <\/div>\n\n                <div class=\"col col-md-6\">\n                                            <div class=\"img-side\">\n                                                        <img decoding=\"async\" src=\"https:\/\/laubette.com\/wp-content\/uploads\/2026\/03\/4_rue_de_la_Haute_Monte\u2560ue_Strasbourg_13994.jpg\" alt=\"l&#039;aubette 20e si\u00e8cle\" style=\"object-fit:cover;-o-object-position:cover;\">\n                        <\/div>\n                                    <\/div>\n\n            \n            \n        <\/div>\n    <\/div>\n<\/section>\n\n<section class=\"media-txt_block bg-none\">\n\n    <div class=\"container\">\n        <div class=\"row align-items-center pad-80\">\n\n            \n                            <div class=\"col col-md-6\">\n                                            <div class=\"img-side\">\n                                                        <img decoding=\"async\" src=\"https:\/\/laubette.com\/wp-content\/uploads\/2026\/03\/les-petites-boucheries-laubette.jpg\" alt=\"les petites boucheries l&#039;aubette\" style=\"object-fit:cover;-o-object-position:cover;\">\n                        <\/div>\n                                    <\/div>\n\n                <div class=\"col txt-side txtdroite col-md-6 txtalign-left \">\n                                                                    <h2 class=\"primary-title\" >Die Aubette heute: Wo Tradition auf Shopping trifft<\/h2>\n                                        <div class=\"block-text\" ><p>Heute verk\u00f6rpert Aubette Shopping die perfekte Mischung aus:<\/p>\n<ul>\n<li>Stra\u00dfburgs reiche Geschichte<\/li>\n<li>Ikonische Architektur<\/li>\n<li>Ein pulsierendes Einkaufserlebnis im Stadtzentrum<\/li>\n<\/ul>\n<p>&nbsp;<br \/>\nDas Hotel liegt in einem der belebtesten Viertel Stra\u00dfburgs und entwickelt sich stetig weiter, w\u00e4hrend es gleichzeitig seine historische Identit\u00e4t bewahrt.<\/p>\n<\/div>                                    <\/div>\n            \n            \n        <\/div>\n    <\/div>\n<\/section>\n\n<section class=\"galerie-img\">\n    <div class=\"container\">\n        <div class=\"row-gallery\">\n                                                    <div class=\"card-gallery\">\n                            <img decoding=\"async\" \n                                src=\"https:\/\/laubette.com\/wp-content\/uploads\/2026\/03\/4_rue_de_la_Haute_Monte\u2560ue_Strasbourg_16165.jpg\" \n                                alt=\"\" \n                                class=\"card-img-top img-fluid\"\n                            >\n                        <\/div>\n                                                            <div class=\"card-gallery\">\n                            <img decoding=\"async\" \n                                src=\"https:\/\/laubette.com\/wp-content\/uploads\/2026\/03\/Aubette_Brasserie-scaled.jpg\" \n                                alt=\"\" \n                                class=\"card-img-top img-fluid\"\n                            >\n                        <\/div>\n                                                            <div class=\"card-gallery\">\n                            <img decoding=\"async\" \n                                src=\"https:\/\/laubette.com\/wp-content\/uploads\/2026\/03\/GDE-SALLE-2-e1774436436605.jpg\" \n                                alt=\"\" \n                                class=\"card-img-top img-fluid\"\n                            >\n                        <\/div>\n                                                            <div class=\"card-gallery\">\n                            <img decoding=\"async\" \n                                src=\"https:\/\/laubette.com\/wp-content\/uploads\/2026\/03\/lilot-de-laubette.jpg\" \n                                alt=\"l&#039;ilot de l&#039;aubette\" \n                                class=\"card-img-top img-fluid\"\n                            >\n                        <\/div>\n                                                        <\/div>\n    <\/div>\n<\/section>\n<div style=\"height:80px\" aria-hidden=\"true\" class=\"wp-block-spacer\"><\/div>\n","protected":false},"excerpt":{"rendered":"","protected":false},"author":1,"featured_media":0,"parent":0,"menu_order":0,"comment_status":"closed","ping_status":"closed","template":"","meta":{"_acf_changed":false,"footnotes":""},"class_list":["post-807","page","type-page","status-publish","hentry"],"acf":[],"yoast_head":"<!-- This site is optimized with the Yoast SEO plugin v27.4 - https:\/\/yoast.com\/product\/yoast-seo-wordpress\/ -->\n<title>Die Geschichte der Boutiquen der Aubette - Centre commercial de L&#039;Aubette Shopping \u00e0 Strasbourg<\/title>\n<meta name=\"description\" content=\"Gesch\u00e4fte &amp; Restaurants im Aubette Shopping Center \u2013 entdecken Sie die Geschichte unseres Einkaufszentrums im Herzen von Stra\u00dfburg!\" \/>\n<meta name=\"robots\" content=\"index, follow, max-snippet:-1, max-image-preview:large, max-video-preview:-1\" \/>\n<link rel=\"canonical\" href=\"https:\/\/laubette.com\/de\/die-geschichte-der-boutiquen-der-aubette\/\" \/>\n<meta property=\"og:locale\" content=\"de_DE\" \/>\n<meta property=\"og:type\" content=\"article\" \/>\n<meta property=\"og:title\" content=\"Die Geschichte der Boutiquen der Aubette - Centre commercial de L&#039;Aubette Shopping \u00e0 Strasbourg\" \/>\n<meta property=\"og:description\" content=\"Gesch\u00e4fte &amp; Restaurants im Aubette Shopping Center \u2013 entdecken Sie die Geschichte unseres Einkaufszentrums im Herzen von Stra\u00dfburg!\" \/>\n<meta property=\"og:url\" content=\"https:\/\/laubette.com\/de\/die-geschichte-der-boutiquen-der-aubette\/\" \/>\n<meta property=\"og:site_name\" content=\"L&#039;Aubette Shopping\" \/>\n<meta property=\"article:publisher\" content=\"https:\/\/www.facebook.com\/laubetteshopping\/\" \/>\n<meta property=\"article:modified_time\" content=\"2026-03-26T08:54:06+00:00\" \/>\n<meta name=\"twitter:card\" content=\"summary_large_image\" \/>\n<script type=\"application\/ld+json\" class=\"yoast-schema-graph\">{\"@context\":\"https:\\\/\\\/schema.org\",\"@graph\":[{\"@type\":\"WebPage\",\"@id\":\"https:\\\/\\\/laubette.com\\\/de\\\/die-geschichte-der-boutiquen-der-aubette\\\/\",\"url\":\"https:\\\/\\\/laubette.com\\\/de\\\/die-geschichte-der-boutiquen-der-aubette\\\/\",\"name\":\"Die Geschichte der Boutiquen der Aubette - Centre commercial de L&#039;Aubette Shopping \u00e0 Strasbourg\",\"isPartOf\":{\"@id\":\"https:\\\/\\\/laubette.com\\\/#website\"},\"datePublished\":\"2026-02-19T13:10:42+00:00\",\"dateModified\":\"2026-03-26T08:54:06+00:00\",\"description\":\"Gesch\u00e4fte & Restaurants im Aubette Shopping Center \u2013 entdecken Sie die Geschichte unseres Einkaufszentrums im Herzen von Stra\u00dfburg!\",\"breadcrumb\":{\"@id\":\"https:\\\/\\\/laubette.com\\\/de\\\/die-geschichte-der-boutiquen-der-aubette\\\/#breadcrumb\"},\"inLanguage\":\"de\",\"potentialAction\":[{\"@type\":\"ReadAction\",\"target\":[\"https:\\\/\\\/laubette.com\\\/de\\\/die-geschichte-der-boutiquen-der-aubette\\\/\"]}]},{\"@type\":\"BreadcrumbList\",\"@id\":\"https:\\\/\\\/laubette.com\\\/de\\\/die-geschichte-der-boutiquen-der-aubette\\\/#breadcrumb\",\"itemListElement\":[{\"@type\":\"ListItem\",\"position\":1,\"name\":\"Accueil\",\"item\":\"https:\\\/\\\/laubette.com\\\/de\\\/\"},{\"@type\":\"ListItem\",\"position\":2,\"name\":\"Die Geschichte der Boutiquen der Aubette\"}]},{\"@type\":\"WebSite\",\"@id\":\"https:\\\/\\\/laubette.com\\\/#website\",\"url\":\"https:\\\/\\\/laubette.com\\\/\",\"name\":\"L'Aubette\",\"description\":\"\",\"publisher\":{\"@id\":\"https:\\\/\\\/laubette.com\\\/#organization\"},\"potentialAction\":[{\"@type\":\"SearchAction\",\"target\":{\"@type\":\"EntryPoint\",\"urlTemplate\":\"https:\\\/\\\/laubette.com\\\/?s={search_term_string}\"},\"query-input\":{\"@type\":\"PropertyValueSpecification\",\"valueRequired\":true,\"valueName\":\"search_term_string\"}}],\"inLanguage\":\"de\"},{\"@type\":\"Organization\",\"@id\":\"https:\\\/\\\/laubette.com\\\/#organization\",\"name\":\"L'Aubette\",\"url\":\"https:\\\/\\\/laubette.com\\\/\",\"logo\":{\"@type\":\"ImageObject\",\"inLanguage\":\"de\",\"@id\":\"https:\\\/\\\/laubette.com\\\/#\\\/schema\\\/logo\\\/image\\\/\",\"url\":\"https:\\\/\\\/laubette.com\\\/wp-content\\\/uploads\\\/2026\\\/03\\\/logo-laubette.svg\",\"contentUrl\":\"https:\\\/\\\/laubette.com\\\/wp-content\\\/uploads\\\/2026\\\/03\\\/logo-laubette.svg\",\"width\":190,\"height\":106,\"caption\":\"L'Aubette\"},\"image\":{\"@id\":\"https:\\\/\\\/laubette.com\\\/#\\\/schema\\\/logo\\\/image\\\/\"},\"sameAs\":[\"https:\\\/\\\/www.facebook.com\\\/laubetteshopping\\\/\"]}]}<\/script>\n<!-- \/ Yoast SEO plugin. -->","yoast_head_json":{"title":"Die Geschichte der Boutiquen der Aubette - Centre commercial de L&#039;Aubette Shopping \u00e0 Strasbourg","description":"Gesch\u00e4fte & Restaurants im Aubette Shopping Center \u2013 entdecken Sie die Geschichte unseres Einkaufszentrums im Herzen von Stra\u00dfburg!","robots":{"index":"index","follow":"follow","max-snippet":"max-snippet:-1","max-image-preview":"max-image-preview:large","max-video-preview":"max-video-preview:-1"},"canonical":"https:\/\/laubette.com\/de\/die-geschichte-der-boutiquen-der-aubette\/","og_locale":"de_DE","og_type":"article","og_title":"Die Geschichte der Boutiquen der Aubette - Centre commercial de L&#039;Aubette Shopping \u00e0 Strasbourg","og_description":"Gesch\u00e4fte & Restaurants im Aubette Shopping Center \u2013 entdecken Sie die Geschichte unseres Einkaufszentrums im Herzen von Stra\u00dfburg!","og_url":"https:\/\/laubette.com\/de\/die-geschichte-der-boutiquen-der-aubette\/","og_site_name":"L&#039;Aubette Shopping","article_publisher":"https:\/\/www.facebook.com\/laubetteshopping\/","article_modified_time":"2026-03-26T08:54:06+00:00","twitter_card":"summary_large_image","schema":{"@context":"https:\/\/schema.org","@graph":[{"@type":"WebPage","@id":"https:\/\/laubette.com\/de\/die-geschichte-der-boutiquen-der-aubette\/","url":"https:\/\/laubette.com\/de\/die-geschichte-der-boutiquen-der-aubette\/","name":"Die Geschichte der Boutiquen der Aubette - Centre commercial de L&#039;Aubette Shopping \u00e0 Strasbourg","isPartOf":{"@id":"https:\/\/laubette.com\/#website"},"datePublished":"2026-02-19T13:10:42+00:00","dateModified":"2026-03-26T08:54:06+00:00","description":"Gesch\u00e4fte & Restaurants im Aubette Shopping Center \u2013 entdecken Sie die Geschichte unseres Einkaufszentrums im Herzen von Stra\u00dfburg!","breadcrumb":{"@id":"https:\/\/laubette.com\/de\/die-geschichte-der-boutiquen-der-aubette\/#breadcrumb"},"inLanguage":"de","potentialAction":[{"@type":"ReadAction","target":["https:\/\/laubette.com\/de\/die-geschichte-der-boutiquen-der-aubette\/"]}]},{"@type":"BreadcrumbList","@id":"https:\/\/laubette.com\/de\/die-geschichte-der-boutiquen-der-aubette\/#breadcrumb","itemListElement":[{"@type":"ListItem","position":1,"name":"Accueil","item":"https:\/\/laubette.com\/de\/"},{"@type":"ListItem","position":2,"name":"Die Geschichte der Boutiquen der Aubette"}]},{"@type":"WebSite","@id":"https:\/\/laubette.com\/#website","url":"https:\/\/laubette.com\/","name":"L'Aubette","description":"","publisher":{"@id":"https:\/\/laubette.com\/#organization"},"potentialAction":[{"@type":"SearchAction","target":{"@type":"EntryPoint","urlTemplate":"https:\/\/laubette.com\/?s={search_term_string}"},"query-input":{"@type":"PropertyValueSpecification","valueRequired":true,"valueName":"search_term_string"}}],"inLanguage":"de"},{"@type":"Organization","@id":"https:\/\/laubette.com\/#organization","name":"L'Aubette","url":"https:\/\/laubette.com\/","logo":{"@type":"ImageObject","inLanguage":"de","@id":"https:\/\/laubette.com\/#\/schema\/logo\/image\/","url":"https:\/\/laubette.com\/wp-content\/uploads\/2026\/03\/logo-laubette.svg","contentUrl":"https:\/\/laubette.com\/wp-content\/uploads\/2026\/03\/logo-laubette.svg","width":190,"height":106,"caption":"L'Aubette"},"image":{"@id":"https:\/\/laubette.com\/#\/schema\/logo\/image\/"},"sameAs":["https:\/\/www.facebook.com\/laubetteshopping\/"]}]}},"_links":{"self":[{"href":"https:\/\/laubette.com\/de\/wp-json\/wp\/v2\/pages\/807","targetHints":{"allow":["GET"]}}],"collection":[{"href":"https:\/\/laubette.com\/de\/wp-json\/wp\/v2\/pages"}],"about":[{"href":"https:\/\/laubette.com\/de\/wp-json\/wp\/v2\/types\/page"}],"author":[{"embeddable":true,"href":"https:\/\/laubette.com\/de\/wp-json\/wp\/v2\/users\/1"}],"replies":[{"embeddable":true,"href":"https:\/\/laubette.com\/de\/wp-json\/wp\/v2\/comments?post=807"}],"version-history":[{"count":2,"href":"https:\/\/laubette.com\/de\/wp-json\/wp\/v2\/pages\/807\/revisions"}],"predecessor-version":[{"id":994,"href":"https:\/\/laubette.com\/de\/wp-json\/wp\/v2\/pages\/807\/revisions\/994"}],"wp:attachment":[{"href":"https:\/\/laubette.com\/de\/wp-json\/wp\/v2\/media?parent=807"}],"curies":[{"name":"wp","href":"https:\/\/api.w.org\/{rel}","templated":true}]}}